{"id":42,"date":"2022-02-22T11:04:06","date_gmt":"2022-02-22T10:04:06","guid":{"rendered":"http:\/\/devlp.prodesign.fr\/?page_id=42"},"modified":"2022-05-14T15:27:05","modified_gmt":"2022-05-14T13:27:05","slug":"contact","status":"publish","type":"page","link":"https:\/\/www.prodesign.fr\/index.php\/contact\/","title":{"rendered":"Contact"},"content":{"rendered":"<div  data-label=\"Contact\" data-id=\"contact--5\" data-export-id=\"contact-6\" data-category=\"contact\" class=\"contact-5 content-section content-section-spacing content-relative\" id=\"contact-5\" style=\"background-color: rgb(255, 255, 255); background-image: none;\"><div  class=\"gridContainer\"><div  data-section-title-area=\"true\" class=\"row text-center\">   <div  class=\"section-title-col\" data-type=\"column\"><h1  class=\"\" style=\"text-align: right;\">Contactez-nous<\/h1>                 <\/div><\/div>  <div  class=\"row middle-sm\"> <div  class=\"col-xs-12 col-sm-6 image-holder space-bottom-xs\"> <div  data-content-shortcode=\"mesmerize_maps address=&quot;5 rue du moulin neuf 93240 Stains&quot; zoom=&quot;65&quot;\" data-editable=\"true\" class=\"shadow-medium\">        <div class=\"mesmerize-google-maps\" style=\"width:100%\">\n            <iframe style=\"width:100%; height:100%;min-height:inherit;display:block;\" src=\"https:\/\/maps.google.com\/maps?q=5%20rue%20du%20moulin%20neuf%2093240%20Stains&#038;z=14&#038;output=embed&#038;iwloc=near\"><\/iframe>\n        <\/div>\n    <\/div><\/div> <div  class=\"col-xs-12 col-sm-6\"><div  class=\"row middle-sm\"> <div  data-type=\"column\" class=\"col-xs-12 space-bottom-small\"><p  class=\"\" style=\"text-align: justify;\">Fond\u00e9e en 1992, forte d\u2019une quarantaine de <a data-mce-href=\"..\/patrimoine-humain\/notre-equipe\/\" href=\"https:\/\/www.prodesign.fr\/index.php\/patrimoine-humain\/notre-equipe\" target=\"_blank\" rel=\"noopener\" data-mce-selected=\"inline-boundary\" data-cp-link=\"1\">collaborateurs<\/a> <a data-mce-href=\"..\/nos-realisations\/\" href=\"https:\/\/www.prodesign.fr\/index.php\/nos-realisations\" target=\"_blank\" rel=\"noopener\" data-mce-selected=\"inline-boundary\" data-cp-link=\"1\">exp\u00e9riment\u00e9s<\/a> et motiv\u00e9s, PRODESIGN est une entreprise fran\u00e7aise d\u2019\u00cele-de-France.&nbsp;Nous mettons \u00e0 votre disposition tout notre <a data-mce-href=\"..\/savoir-faire\/\" href=\"https:\/\/www.prodesign.fr\/index.php\/savoir-faire\" target=\"_blank\" rel=\"noopener\" data-mce-selected=\"inline-boundary\" data-cp-link=\"1\">savoir-faire<\/a> dans les m\u00e9tiers du bois pour une ex\u00e9cution dans les r\u00e8gles de l\u2019art.<\/p><\/div> <\/div> <div  class=\"row middle-sm\" data-type=\"row\"> <div  class=\"col-xs-12 space-bottom-small\"> <div  class=\"row\"> <div  data-type=\"column\" class=\"col-xs-12 col-sm-fit label-col\"> <h5  class=\"\">Adresse:<\/h5><\/div> <div  data-type=\"column\" class=\"col-xs-12 col-sm\"><p  class=\"\">5 rue moulin neuf, 93240 Stains<\/p><\/div> <\/div><\/div> <div  class=\"col-xs-12 space-bottom-small\"><div  class=\"row\"> <div  data-type=\"column\" class=\"col-xs-12 col-sm-fit label-col\"><h5  class=\"\">T\u00e9phone :<\/h5><\/div> <div  data-type=\"column\" class=\"col-xs-12 col-sm\"><p  class=\"\">+33 (0)1 48 23 98 98<\/p><\/div> <\/div><\/div> <div  class=\"col-xs-12 space-bottom-small\"> <div  class=\"row\"> <div  data-type=\"column\" class=\"col-xs-12 col-sm-fit label-col\"> <h5  class=\"\">Horaires :<\/h5><\/div> <div  data-type=\"column\" class=\"col-xs-12 col-sm\"><p  class=\"\">Du lundi au jeudi : 7h30 \u2013 16h \n<br >Le vendredi : 7h30 \u2013 15h<\/p><\/div> <\/div><\/div><div  class=\"col-xs-12 space-bottom-small\"> <div  class=\"row\"> <div  data-type=\"column\" class=\"col-xs-12 col-sm-fit label-col\"> <h5  class=\"\">Fax :<\/h5><\/div> <div  data-type=\"column\" class=\"col-xs-12 col-sm\"><p  class=\"\">+33 (0) 1 48 23 66 47<\/p><\/div> <\/div><\/div><div  class=\"col-xs-12 space-bottom-small\"><div  class=\"row\"> <div  data-type=\"column\" class=\"col-xs-12 col-sm-fit label-col\"><h5  class=\"\">Email :<\/h5><\/div> <div  data-type=\"column\" class=\"col-xs-12 col-sm\"><a href=\"mailto:\" class=\"\" target=\"_blank\" data-cp-link=\"1\" rel=\"noopener\">contact@prodesign.fr<\/a><\/div> <\/div><\/div> <div  class=\"col-xs-12 space-bottom-small\"><div  class=\"row\"> <div  data-type=\"column\" class=\"col-xs-12 col-sm-fit label-col\"><h5  class=\"\">Suivez-nous :<\/h5><\/div> <div  data-type=\"column\" class=\"col-xs-12 col-sm\"><div  data-type=\"group\" class=\"\"> <a href=\"https:\/\/www.linkedin.com\/company\/prodesign-la-r%C3%A9f%C3%A9rence-qualit%C3%A9\" target=\"_blank\" rel=\"noopener\" class=\"\"><i  class=\"fa icon fa-linkedin-square color1\"><\/i><\/a> <a href=\"https:\/\/www.facebook.com\/prodesign.bois.savoirfaire\" target=\"_blank\" rel=\"noopener\" class=\"\"><i  class=\"fa icon fa-facebook-square color1\"><\/i><\/a> <a href=\"https:\/\/www.instagram.com\/prodesign_menuiserie\" target=\"_blank\" rel=\"noopener\" class=\"\"><i  class=\"fa icon fa-instagram color1\"><\/i><\/a> <a href=\"https:\/\/www.youtube.com\/channel\/UCCLkDFHWBExszCDNTxbmtGw\" target=\"_blank\" rel=\"noopener\" class=\"\"><i  class=\"fa icon fa-youtube-square color1\"><\/i><\/a><\/div> <\/div><\/div> <\/div><\/div> <\/div><\/div> <\/div><\/div><div  data-label=\"About\" data-id=\"about--1\" data-export-id=\"about-image-text\" data-category=\"about\" class=\"about-image-text content-section content-section-spacing\" id=\"about-1\" style=\"background-color: rgb(255, 255, 255); background-image: none;\"><div  class=\"\"> <div  class=\"row\"><div  class=\"col-sm-6 flexbox-strech center-xs middle-xs no-gutter-col\"> <div  class=\"shadow-large overlap-right-large flexbox middle-xs center-xs left-img\" data-bg=\"image\" style=\"background-image: url(&quot;http:\/\/www.prodesign.fr\/wp-content\/uploads\/2022\/03\/cropped-PRODESIGN_Site-web_Header.png&quot;);\"><\/div><\/div> <div  class=\"col-sm-6 space-bottom-xs col-padding-small-xs col-sm-padding-large bg-color5 white-text content-col\" data-type=\"column\"><h5  class=\"\">PRODESIGN, \n<br >votre partenaire expert.<\/h5> <h2  class=\"\">La r\u00e9f\u00e9rence qualit\u00e9<\/h2> <p  class=\"\">Nos m\u00e9tiers d\u2019<a data-mce-href=\"..\/savoir-faire\/agencement\/\" href=\"https:\/\/www.prodesign.fr\/index.php\/savoir-faire\/agencement\" target=\"_blank\" rel=\"noopener\" data-mce-selected=\"inline-boundary\" data-cp-link=\"1\">agenceur<\/a>, de <a data-mce-href=\"..\/savoir-faire\/menuiserie\/\" href=\"https:\/\/www.prodesign.fr\/index.php\/savoir-faire\/menuiserie\" target=\"_blank\" rel=\"noopener\" data-mce-selected=\"inline-boundary\" data-cp-link=\"1\">menuisier<\/a> et de <a data-mce-href=\"..\/savoir-faire\/parquet\/\" href=\"https:\/\/www.prodesign.fr\/index.php\/savoir-faire\/parquet\" target=\"_blank\" data-mce-selected=\"inline-boundary\" rel=\"noopener\" data-cp-link=\"1\">parqueteur<\/a>, sont les moteurs de notre adaptation permanente afin de proposer \u00e0 <a data-mce-href=\"..\/nos-clients\/\" href=\"https:\/\/www.prodesign.fr\/index.php\/nos-clients\" target=\"_blank\" rel=\"noopener\" data-mce-selected=\"inline-boundary\" data-cp-link=\"1\">nos clients<\/a> les <a data-mce-href=\"..\/nos-realisations\/\" href=\"https:\/\/www.prodesign.fr\/index.php\/nos-realisations\" target=\"_blank\" rel=\"noopener\" data-mce-selected=\"inline-boundary\" data-cp-link=\"1\">meilleures solutions<\/a> techniques et \u00e9conomiques. PRODESIGN a engag\u00e9 une politique pour le <a data-mce-href=\"..\/engagements\/eco-attitude\/\" href=\"https:\/\/www.prodesign.fr\/index.php\/engagements\/eco-attitude\" target=\"_blank\" rel=\"noopener\" data-mce-selected=\"inline-boundary\" data-cp-link=\"1\">d\u00e9veloppement durable<\/a> et de respect de l\u2019environnement ; <a data-mce-href=\"..\/engagements\/certifications\/\" href=\"https:\/\/www.prodesign.fr\/index.php\/engagements\/certifications\" target=\"_blank\" rel=\"noopener\" data-mce-selected=\"inline-boundary\" data-cp-link=\"1\">certifi\u00e9es<\/a> RGE, notre entreprise est \u00e9coresponsable.<\/p><\/div> <\/div><\/div> <\/div><div  data-label=\"Overlappable\" data-id=\"overlappable--1\" data-export-id=\"overlappable-5\" data-category=\"overlappable\" class=\"overlappable-5 content-section content-section-spacing\" data-overlap=\"true\" id=\"overlappable-1\" style=\"background-color: rgb(255, 255, 255);\"><div  class=\"gridContainer\"> <div  data-type=\"row\" class=\"row shadow-medium bg-color-white\"><div  class=\"col-xs-12 col-sm-4 col-padding col-padding-xs bg-color-white\"> <div  class=\"row middle-sm\"><div  class=\"col-xs-12 col-sm-fit icon-column\"> <a data-cp-link=\"1\" href=\"https:\/\/www.prodesign.fr\/index.php\/savoir-faire\/menuiserie\" target=\"_blank\" rel=\"noopener\"><i  class=\"fa icon fa-paper-plane bordered round color1\"><\/i><\/a><\/div> <div  data-type=\"column\" class=\"col-xs-12 col-sm v-spacing\"><h5  class=\"\">UNE MENUISERIE DE PROXIMIT\u00c9<\/h5><\/div> <\/div> <div  class=\"row\"> <div  class=\"col-xs-12 col-sm-12\" data-type=\"column\"> <p  class=\"\">Bas\u00e9e \u00e0 Stains, PRODESIGN intervient en \u00cele-de-France et dispose de son propre atelier de fabrication et de production de plus de 1000m\u00b2.<\/p> <a href=\"https:\/\/www.prodesign.fr\/index.php\/atelier\" class=\"read-more color2\" target=\"_blank\" data-cp-link=\"1\" rel=\"noopener\">Zoom sur l\u2019atelier<\/a><\/div> <\/div><\/div> <div  class=\"col-xs-12 col-sm-4 col-padding col-padding-xs bg-color-white\"><div  class=\"row middle-sm\"> <div  class=\"col-xs-12 col-sm-fit icon-column\"><a data-cp-link=\"1\" href=\"https:\/\/www.prodesign.fr\/index.php\/savoir-faire\" target=\"_blank\" rel=\"noopener\"><i  class=\"fa icon fa-cubes bordered round color1\"><\/i><\/a><\/div> <div  data-type=\"column\" class=\"col-xs-12 col-sm v-spacing\"><h5  class=\"\">UNE ENTREPRISE DE SAVOIR-FAIRE<\/h5><\/div> <\/div> <div  class=\"row\"> <div  class=\"col-xs-12 col-sm-12\" data-type=\"column\"> <p  class=\"\">Experte en agencement, parquet et menuiserie traditionnelle, PRODESIGN fabrique et pose des ouvrages sur-mesure.<\/p> <a href=\"https:\/\/www.prodesign.fr\/index.php\/savoir-faire\" class=\"read-more color2\" target=\"_blank\" data-cp-link=\"1\" rel=\"noopener\">Zoom sur le savoir-faire<\/a><\/div> <\/div><\/div> <div  class=\"col-xs-12 col-sm-4 col-padding col-padding-xs bg-color-white\"><div  class=\"row middle-sm\"> <div  class=\"col-xs-12 col-sm-fit icon-column\"><a data-cp-link=\"1\" href=\"https:\/\/www.prodesign.fr\/index.php\/engagements\" target=\"_blank\" rel=\"noopener\"><i  class=\"fa icon fa-area-chart bordered round color1\"><\/i><\/a><\/div> <div  data-type=\"column\" class=\"col-xs-12 col-sm v-spacing\"><h5  class=\"\">UN EXPERT ETHIQUE \u00c0 VOTRE SERVICE<\/h5><\/div> <\/div> <div  class=\"row\"> <div  class=\"col-xs-12 col-sm-12\" data-type=\"column\"> <p  class=\"\">Ecoresponsable et certifi\u00e9e RGE, PRODESIGN a engag\u00e9 une politique de responsabilit\u00e9s sociales et environnementales.<\/p> <a href=\"https:\/\/www.prodesign.fr\/index.php\/engagements\" class=\"read-more color2\" target=\"_blank\" data-cp-link=\"1\" rel=\"noopener\">Zoom sur nos engagements<\/a><\/div> <\/div><\/div> <\/div><\/div> <\/div><div  data-label=\"Features\" data-id=\"features--1\" data-export-id=\"features-16\" data-category=\"features\" class=\"features-16 content-section content-section-spacing content-relative\" id=\"features-1\" style=\"background-color: rgb(255, 255, 255); background-image: url(&quot;http:\/\/www.prodesign.fr\/wp-content\/uploads\/2022\/03\/PRODESIGN_header-7.png&quot;); background-size: cover; background-position: center top;\" data-section-ov=\"1\"><div  class=\"gridContainer\"> <div  class=\"row text-center\"><div  class=\"section-title-col\" data-type=\"column\">  <\/div> <\/div> <div  class=\"row spaced-cols\" data-type=\"row\"> <div  class=\"col-xs-12 col-sm-6 space-bottom col-md-4 \">  <div  data-type=\"column\" class=\"col-padding-small col-padding-small-xs description-container\"> <h4  class=\"font-500\"><span  style=\"color: rgb(0, 74, 173);\">\u00c9THIQUE<\/span><\/h4> <p  class=\"\">PRODESIGN s\u2019impose un comportement \u00e9thique et de RSE quotidiennement. <a data-mce-href=\"..\/engagements\/ethique\/\" href=\"https:\/\/www.prodesign.fr\/index.php\/engagements\/ethique\" target=\"_blank\" rel=\"noopener\" data-mce-selected=\"inline-boundary\" data-cp-link=\"1\">&gt;&gt;&gt;<\/a><\/p> <a class=\"button color1 outline\" href=\"https:\/\/www.prodesign.fr\/index.php\/engagements\/ethique\" target=\"_blank\" data-cp-link=\"1\" data-icon=\"fa-angle-double-right\" rel=\"noopener\"><span  class=\"button-icon fa fa-angle-double-right\"><\/span>D\u00e9couvrez comment<\/a><\/div> <\/div> <div  class=\"col-xs-12 col-sm-6 space-bottom col-md-4 \">  <div  data-type=\"column\" class=\"col-padding-small col-padding-small-xs description-container\"> <h4  class=\"font-500\"><span  style=\"color: rgb(0, 74, 173);\">\u00c9CO-ATTITUDE<\/span><\/h4> <p  class=\"\">Engag\u00e9e concr\u00e8tement pour l\u2019environnement, PRODESIGN agit. <a data-mce-href=\"..\/engagements\/eco-attitude\/\" href=\"https:\/\/www.prodesign.fr\/index.php\/engagements\/eco-attitude\" target=\"_blank\" data-mce-selected=\"inline-boundary\" data-cp-link=\"1\" rel=\"noopener\">&gt;&gt;&gt;<\/a><\/p> <a class=\"button color1 outline\" href=\"https:\/\/www.prodesign.fr\/index.php\/engagements\/eco-attitude\" target=\"_blank\" data-cp-link=\"1\" data-icon=\"fa-angle-double-right\" rel=\"noopener\"><span  class=\"button-icon fa fa-angle-double-right\"><\/span>Concr\u00e8tement, nos actions<\/a><\/div> <\/div> <div  class=\"col-xs-12 col-sm-6 space-bottom col-md-4 \">  <div  data-type=\"column\" class=\"col-padding-small col-padding-small-xs description-container\"> <h4  class=\"font-500\"><span  style=\"color: rgb(0, 74, 173);\">RECRUTEMENT<\/span><\/h4> <p  class=\"\">En croissance, PRODESIGN recrute : de l\u2019atelier aux bureaux. <a data-mce-href=\"..\/patrimoine-humain\/recrutement\/\" href=\"https:\/\/www.prodesign.fr\/index.php\/patrimoine-humain\/recrutement\" target=\"_blank\" rel=\"noopener\" data-mce-selected=\"inline-boundary\" data-cp-link=\"1\">&gt;&gt;&gt;<\/a><\/p> <a class=\"button color1 outline\" href=\"https:\/\/fr.indeed.com\/cmp\/Prodesign--seicol\" target=\"_blank\" data-cp-link=\"1\" data-icon=\"fa-angle-double-right\" rel=\"noopener\"><span  class=\"button-icon fa fa-angle-double-right\"><\/span>Travailler avec nous<\/a><\/div> <\/div><div  class=\"col-xs-12 col-sm-6 space-bottom col-md-4 \">  <div  data-type=\"column\" class=\"col-padding-small col-padding-small-xs description-container\"> <h4  class=\"font-500\"><span  style=\"color: rgb(0, 74, 173);\">CERTIFICATIONS<\/span><\/h4> <p  class=\"\">PRODESIGN est certifi\u00e9e pour ses engagements, ses expertises et son savoir-faire. <a data-mce-href=\"..\/engagements\/certifications\/\" href=\"https:\/\/www.prodesign.fr\/index.php\/engagements\/certifications\" target=\"_blank\" rel=\"noopener\" data-mce-selected=\"inline-boundary\" data-cp-link=\"1\">&gt;&gt;&gt;<\/a><\/p> <a class=\"button color1 outline\" href=\"https:\/\/www.prodesign.fr\/index.php\/engagements\/certifications\" target=\"_blank\" data-cp-link=\"1\" data-icon=\"fa-angle-double-right\" rel=\"noopener\"><span  class=\"button-icon fa fa-angle-double-right\"><\/span>D\u00e9couvrez nos labels<\/a><\/div> <\/div><div  class=\"col-xs-12 col-sm-6 space-bottom col-md-4 \">  <div  data-type=\"column\" class=\"col-padding-small col-padding-small-xs description-container\"> <h4  class=\"font-500\"><span  style=\"color: rgb(0, 74, 173);\">SAVOIR-FAIRE<\/span><\/h4> <p  class=\"\">Notre m\u00e9tier est la menuiserie traditionnelle, le travail du bois, mais bien plus encore. <a data-mce-href=\"..\/savoir-faire\/\" href=\"https:\/\/www.prodesign.fr\/index.php\/savoir-faire\" target=\"_blank\" rel=\"noopener\" data-mce-selected=\"inline-boundary\" data-cp-link=\"1\">&gt;&gt;&gt;<\/a><\/p> <a class=\"button color1 outline\" href=\"https:\/\/www.prodesign.fr\/index.php\/savoir-faire\" target=\"_blank\" data-cp-link=\"1\" data-icon=\"fa-angle-double-right\" rel=\"noopener\"><span  class=\"button-icon fa fa-angle-double-right\"><\/span>D\u00e9couvrez en plus<\/a><\/div> <\/div><div  class=\"col-xs-12 col-sm-6 space-bottom col-md-4 \">  <div  data-type=\"column\" class=\"col-padding-small col-padding-small-xs description-container\"> <h4  class=\"font-500\"><span  style=\"color: rgb(0, 74, 173);\">EXPERTISES<\/span><\/h4>  <p  class=\"\">Experte en agencement, parquet et menuiserie, PRODESIGN travaille sur-mesure. <a data-mce-href=\"..\/expertises\/\" href=\"https:\/\/www.prodesign.fr\/index.php\/expertises\" target=\"_blank\" rel=\"noopener\" data-mce-selected=\"inline-boundary\" data-cp-link=\"1\">&gt;&gt;&gt;<\/a><\/p><a class=\"button color1 outline\" href=\"https:\/\/www.prodesign.fr\/index.php\/expertises\" target=\"_blank\" data-cp-link=\"1\" data-icon=\"fa-angle-double-right\" rel=\"noopener\"><span  class=\"button-icon fa fa-angle-double-right\"><\/span>D\u00e9couvrez en plus<\/a><\/div> <\/div><\/div> <\/div><\/div>","protected":false},"excerpt":{"rendered":"<p>Contactez-nous Fond\u00e9e en 1992, forte d\u2019une quarantaine de collaborateurs exp\u00e9riment\u00e9s et motiv\u00e9s, PRODESIGN est une entreprise fran\u00e7aise d\u2019\u00cele-de-France.&nbsp;Nous mettons \u00e0 votre disposition tout notre savoir-faire dans les m\u00e9tiers du bois pour une ex\u00e9cution dans les r\u00e8gles de l\u2019art. Adresse: 5 rue moulin neuf, 93240 Stains T\u00e9phone : +33 (0)1 48 23 98 98 Horaires :&hellip; <br \/> <a class=\"read-more\" href=\"https:\/\/www.prodesign.fr\/index.php\/contact\/\">Lire la suite<\/a><\/p>\n","protected":false},"author":1,"featured_media":0,"parent":0,"menu_order":5,"comment_status":"closed","ping_status":"closed","template":"pro\/page-templates\/full-width-page.php","meta":{"footnotes":""},"yoast_head":"<!-- This site is optimized with the Yoast SEO plugin v20.4 - https:\/\/yoast.com\/wordpress\/plugins\/seo\/ -->\n<title>Contact - PRODESIGN<\/title>\n<meta name=\"description\" content=\"UNE MENUISERIE DE PROXIMIT\u00c9. UNE ENTREPRISE DE SAVOIR-FAIRE. UN EXPERT ETHIQUE \u00c0 VOTRE SERVICE. PRODESIGN, votre partenaire expert.\" \/>\n<meta name=\"robots\" content=\"index, follow, max-snippet:-1, max-image-preview:large, max-video-preview:-1\" \/>\n<link rel=\"canonical\" href=\"https:\/\/www.prodesign.fr\/index.php\/contact\/\" \/>\n<meta property=\"og:locale\" content=\"fr_FR\" \/>\n<meta property=\"og:type\" content=\"article\" \/>\n<meta property=\"og:title\" content=\"PRODESIGN, votre partenaire expert.\" \/>\n<meta property=\"og:description\" content=\"Fond\u00e9e en 1992, forte d\u2019une quarantaine de collaborateurs exp\u00e9riment\u00e9s et motiv\u00e9s, PRODESIGN est une entreprise fran\u00e7aise d\u2019 \u00cele-de-France. Nous mettons \u00e0 votre disposition tout notre savoir-faire dans les m\u00e9tiers du bois pour une ex\u00e9cution dans les r\u00e8gles de l\u2019art.\" \/>\n<meta property=\"og:url\" content=\"https:\/\/www.prodesign.fr\/index.php\/contact\/\" \/>\n<meta property=\"og:site_name\" content=\"PRODESIGN\" \/>\n<meta property=\"article:publisher\" content=\"https:\/\/www.facebook.com\/prodesign.bois.savoirfaire\" \/>\n<meta property=\"article:modified_time\" content=\"2022-05-14T13:27:05+00:00\" \/>\n<meta property=\"og:image\" content=\"https:\/\/www.prodesign.fr\/wp-content\/uploads\/2022\/04\/cropped-Image5.jpg\" \/>\n\t<meta property=\"og:image:width\" content=\"298\" \/>\n\t<meta property=\"og:image:height\" content=\"223\" \/>\n\t<meta property=\"og:image:type\" content=\"image\/jpeg\" \/>\n<meta name=\"twitter:card\" content=\"summary_large_image\" \/>\n<meta name=\"twitter:title\" content=\"PRODESIGN, votre partenaire expert.\" \/>\n<meta name=\"twitter:description\" content=\"Fond\u00e9e en 1992, forte d\u2019une quarantaine de collaborateurs exp\u00e9riment\u00e9s et motiv\u00e9s, PRODESIGN est une entreprise fran\u00e7aise d\u2019 \u00cele-de-France. Nous mettons \u00e0 votre disposition tout notre savoir-faire dans les m\u00e9tiers du bois pour une ex\u00e9cution dans les r\u00e8gles de l\u2019art.\" \/>\n<meta name=\"twitter:image\" content=\"https:\/\/www.prodesign.fr\/wp-content\/uploads\/2022\/04\/cropped-Image5.jpg\" \/>\n<meta name=\"twitter:label1\" content=\"Dur\u00e9e de lecture estim\u00e9e\" \/>\n\t<meta name=\"twitter:data1\" content=\"2 minutes\" \/>\n<script type=\"application\/ld+json\" class=\"yoast-schema-graph\">{\"@context\":\"https:\/\/schema.org\",\"@graph\":[{\"@type\":\"WebPage\",\"@id\":\"https:\/\/www.prodesign.fr\/index.php\/contact\/\",\"url\":\"https:\/\/www.prodesign.fr\/index.php\/contact\/\",\"name\":\"Contact - PRODESIGN\",\"isPartOf\":{\"@id\":\"https:\/\/www.prodesign.fr\/#website\"},\"datePublished\":\"2022-02-22T10:04:06+00:00\",\"dateModified\":\"2022-05-14T13:27:05+00:00\",\"description\":\"UNE MENUISERIE DE PROXIMIT\u00c9. UNE ENTREPRISE DE SAVOIR-FAIRE. UN EXPERT ETHIQUE \u00c0 VOTRE SERVICE. PRODESIGN, votre partenaire expert.\",\"breadcrumb\":{\"@id\":\"https:\/\/www.prodesign.fr\/index.php\/contact\/#breadcrumb\"},\"inLanguage\":\"fr-FR\",\"potentialAction\":[{\"@type\":\"ReadAction\",\"target\":[\"https:\/\/www.prodesign.fr\/index.php\/contact\/\"]}]},{\"@type\":\"BreadcrumbList\",\"@id\":\"https:\/\/www.prodesign.fr\/index.php\/contact\/#breadcrumb\",\"itemListElement\":[{\"@type\":\"ListItem\",\"position\":1,\"name\":\"Accueil\",\"item\":\"https:\/\/www.prodesign.fr\/\"},{\"@type\":\"ListItem\",\"position\":2,\"name\":\"Contact\"}]},{\"@type\":\"WebSite\",\"@id\":\"https:\/\/www.prodesign.fr\/#website\",\"url\":\"https:\/\/www.prodesign.fr\/\",\"name\":\"PRODESIGN\",\"description\":\"La r\u00e9f\u00e9rence qualit\u00e9\",\"publisher\":{\"@id\":\"https:\/\/www.prodesign.fr\/#organization\"},\"potentialAction\":[{\"@type\":\"SearchAction\",\"target\":{\"@type\":\"EntryPoint\",\"urlTemplate\":\"https:\/\/www.prodesign.fr\/?s={search_term_string}\"},\"query-input\":\"required name=search_term_string\"}],\"inLanguage\":\"fr-FR\"},{\"@type\":\"Organization\",\"@id\":\"https:\/\/www.prodesign.fr\/#organization\",\"name\":\"PRODESIGN\",\"url\":\"https:\/\/www.prodesign.fr\/\",\"logo\":{\"@type\":\"ImageObject\",\"inLanguage\":\"fr-FR\",\"@id\":\"https:\/\/www.prodesign.fr\/#\/schema\/logo\/image\/\",\"url\":\"https:\/\/www.prodesign.fr\/wp-content\/uploads\/2022\/03\/cropped-PRODESIGN_Logo_512x512_sansfond-1-1-1.png\",\"contentUrl\":\"https:\/\/www.prodesign.fr\/wp-content\/uploads\/2022\/03\/cropped-PRODESIGN_Logo_512x512_sansfond-1-1-1.png\",\"width\":512,\"height\":238,\"caption\":\"PRODESIGN\"},\"image\":{\"@id\":\"https:\/\/www.prodesign.fr\/#\/schema\/logo\/image\/\"},\"sameAs\":[\"https:\/\/www.facebook.com\/prodesign.bois.savoirfaire\",\"https:\/\/www.instagram.com\/prodesign_menuiserie\/\",\"https:\/\/www.linkedin.com\/company\/prodesign-la-r\u00e9f\u00e9rence-qualit\u00e9\/\",\"https:\/\/www.youtube.com\/channel\/UCCLkDFHWBExszCDNTxbmtGw\"]}]}<\/script>\n<!-- \/ Yoast SEO plugin. -->","yoast_head_json":{"title":"Contact - PRODESIGN","description":"UNE MENUISERIE DE PROXIMIT\u00c9. UNE ENTREPRISE DE SAVOIR-FAIRE. UN EXPERT ETHIQUE \u00c0 VOTRE SERVICE. PRODESIGN, votre partenaire expert.","robots":{"index":"index","follow":"follow","max-snippet":"max-snippet:-1","max-image-preview":"max-image-preview:large","max-video-preview":"max-video-preview:-1"},"canonical":"https:\/\/www.prodesign.fr\/index.php\/contact\/","og_locale":"fr_FR","og_type":"article","og_title":"PRODESIGN, votre partenaire expert.","og_description":"Fond\u00e9e en 1992, forte d\u2019une quarantaine de collaborateurs exp\u00e9riment\u00e9s et motiv\u00e9s, PRODESIGN est une entreprise fran\u00e7aise d\u2019 \u00cele-de-France. Nous mettons \u00e0 votre disposition tout notre savoir-faire dans les m\u00e9tiers du bois pour une ex\u00e9cution dans les r\u00e8gles de l\u2019art.","og_url":"https:\/\/www.prodesign.fr\/index.php\/contact\/","og_site_name":"PRODESIGN","article_publisher":"https:\/\/www.facebook.com\/prodesign.bois.savoirfaire","article_modified_time":"2022-05-14T13:27:05+00:00","og_image":[{"width":298,"height":223,"url":"https:\/\/www.prodesign.fr\/wp-content\/uploads\/2022\/04\/cropped-Image5.jpg","type":"image\/jpeg"}],"twitter_card":"summary_large_image","twitter_title":"PRODESIGN, votre partenaire expert.","twitter_description":"Fond\u00e9e en 1992, forte d\u2019une quarantaine de collaborateurs exp\u00e9riment\u00e9s et motiv\u00e9s, PRODESIGN est une entreprise fran\u00e7aise d\u2019 \u00cele-de-France. Nous mettons \u00e0 votre disposition tout notre savoir-faire dans les m\u00e9tiers du bois pour une ex\u00e9cution dans les r\u00e8gles de l\u2019art.","twitter_image":"https:\/\/www.prodesign.fr\/wp-content\/uploads\/2022\/04\/cropped-Image5.jpg","twitter_misc":{"Dur\u00e9e de lecture estim\u00e9e":"2 minutes"},"schema":{"@context":"https:\/\/schema.org","@graph":[{"@type":"WebPage","@id":"https:\/\/www.prodesign.fr\/index.php\/contact\/","url":"https:\/\/www.prodesign.fr\/index.php\/contact\/","name":"Contact - PRODESIGN","isPartOf":{"@id":"https:\/\/www.prodesign.fr\/#website"},"datePublished":"2022-02-22T10:04:06+00:00","dateModified":"2022-05-14T13:27:05+00:00","description":"UNE MENUISERIE DE PROXIMIT\u00c9. UNE ENTREPRISE DE SAVOIR-FAIRE. UN EXPERT ETHIQUE \u00c0 VOTRE SERVICE. PRODESIGN, votre partenaire expert.","breadcrumb":{"@id":"https:\/\/www.prodesign.fr\/index.php\/contact\/#breadcrumb"},"inLanguage":"fr-FR","potentialAction":[{"@type":"ReadAction","target":["https:\/\/www.prodesign.fr\/index.php\/contact\/"]}]},{"@type":"BreadcrumbList","@id":"https:\/\/www.prodesign.fr\/index.php\/contact\/#breadcrumb","itemListElement":[{"@type":"ListItem","position":1,"name":"Accueil","item":"https:\/\/www.prodesign.fr\/"},{"@type":"ListItem","position":2,"name":"Contact"}]},{"@type":"WebSite","@id":"https:\/\/www.prodesign.fr\/#website","url":"https:\/\/www.prodesign.fr\/","name":"PRODESIGN","description":"La r\u00e9f\u00e9rence qualit\u00e9","publisher":{"@id":"https:\/\/www.prodesign.fr\/#organization"},"potentialAction":[{"@type":"SearchAction","target":{"@type":"EntryPoint","urlTemplate":"https:\/\/www.prodesign.fr\/?s={search_term_string}"},"query-input":"required name=search_term_string"}],"inLanguage":"fr-FR"},{"@type":"Organization","@id":"https:\/\/www.prodesign.fr\/#organization","name":"PRODESIGN","url":"https:\/\/www.prodesign.fr\/","logo":{"@type":"ImageObject","inLanguage":"fr-FR","@id":"https:\/\/www.prodesign.fr\/#\/schema\/logo\/image\/","url":"https:\/\/www.prodesign.fr\/wp-content\/uploads\/2022\/03\/cropped-PRODESIGN_Logo_512x512_sansfond-1-1-1.png","contentUrl":"https:\/\/www.prodesign.fr\/wp-content\/uploads\/2022\/03\/cropped-PRODESIGN_Logo_512x512_sansfond-1-1-1.png","width":512,"height":238,"caption":"PRODESIGN"},"image":{"@id":"https:\/\/www.prodesign.fr\/#\/schema\/logo\/image\/"},"sameAs":["https:\/\/www.facebook.com\/prodesign.bois.savoirfaire","https:\/\/www.instagram.com\/prodesign_menuiserie\/","https:\/\/www.linkedin.com\/company\/prodesign-la-r\u00e9f\u00e9rence-qualit\u00e9\/","https:\/\/www.youtube.com\/channel\/UCCLkDFHWBExszCDNTxbmtGw"]}]}},"_links":{"self":[{"href":"https:\/\/www.prodesign.fr\/index.php\/wp-json\/wp\/v2\/pages\/42"}],"collection":[{"href":"https:\/\/www.prodesign.fr\/index.php\/wp-json\/wp\/v2\/pages"}],"about":[{"href":"https:\/\/www.prodesign.fr\/index.php\/wp-json\/wp\/v2\/types\/page"}],"author":[{"embeddable":true,"href":"https:\/\/www.prodesign.fr\/index.php\/wp-json\/wp\/v2\/users\/1"}],"replies":[{"embeddable":true,"href":"https:\/\/www.prodesign.fr\/index.php\/wp-json\/wp\/v2\/comments?post=42"}],"version-history":[{"count":50,"href":"https:\/\/www.prodesign.fr\/index.php\/wp-json\/wp\/v2\/pages\/42\/revisions"}],"predecessor-version":[{"id":2139,"href":"https:\/\/www.prodesign.fr\/index.php\/wp-json\/wp\/v2\/pages\/42\/revisions\/2139"}],"wp:attachment":[{"href":"https:\/\/www.prodesign.fr\/index.php\/wp-json\/wp\/v2\/media?parent=42"}],"curies":[{"name":"wp","href":"https:\/\/api.w.org\/{rel}","templated":true}]}}